{"id":97,"date":"2023-12-29T08:04:19","date_gmt":"2023-12-29T08:04:19","guid":{"rendered":"http:\/\/127.0.0.1\/rawelin\/wordpress\/?page_id=97"},"modified":"2024-06-16T19:53:31","modified_gmt":"2024-06-16T19:53:31","slug":"polityka","status":"publish","type":"page","link":"https:\/\/rawelin.pl\/index.php\/polityka\/","title":{"rendered":"Polityka prywatno\u015bci"},"content":{"rendered":"\n<p class=\"has-text-align-right has-foreground-color has-text-color has-link-color wp-elements-6afe0d5cb785d8b4afde1bff13b0f939\">Data wej\u015bcia w \u017cycie: 03.06.2024<\/p>\n\n\n\n<div class=\"wp-block-group is-layout-constrained wp-block-group-is-layout-constrained\">\n<p class=\"has-foreground-color has-text-color has-link-color wp-elements-dd310348cc10904739b91f0e256c1dce\"><strong>1. Postanowienia og\u00f3lne<\/strong><\/p>\n\n\n\n<p class=\"has-foreground-color has-text-color has-link-color wp-elements-d4014bded9c6ebcd98f48c8fa632529d\">1) Niniejsza polityka prywatno\u015bci okre\u015bla zasady ochrony danych osobowych przez\u00a0administratora tych danych, kt\u00f3rym\u00a0jest Rawelin 8 Sp\u00f3\u0142ka z ograniczon\u0105 odpowiedzialno\u015bci\u0105 z\u00a0siedzib\u0105 w Warszawie (02-595) przy ul.\u00a0Pu\u0142awskiej 99, wpisana do\u00a0rejestru przedsi\u0119biorc\u00f3w Krajowego Rejestru S\u0105dowego prowadzonego przez\u00a0S\u0105d Rejonowy dla m.st. Warszawy w Warszawie, XIII Wydzia\u0142 Gospodarczy Krajowego Rejestru S\u0105dowego pod\u00a0nr\u00a0KRS: 0000925692, NIP: 5213942898, REGON: 520218765, zwany dalej Rawelin 8.<\/p>\n\n\n\n<p class=\"has-foreground-color has-text-color has-link-color wp-elements-08ef59c1ed6a10056466ce4a5f44f42e\">2) Prowadz\u0105c stron\u0119 internetow\u0105 pod&nbsp;adresem&nbsp;www.rawelin.pl, &nbsp;Rawelin 8 dok\u0142ada szczeg\u00f3lnych stara\u0144 w&nbsp;celu ochrony praw Klient\u00f3w, w&nbsp;szczeg\u00f3lno\u015bci w&nbsp;zakresie ochrony prywatno\u015bci i&nbsp;ochrony informacji przekazanych Rawelin 8. Przetwarzaj\u0105c dane osobowe Klient\u00f3w Rawelin 8 zwraca szczeg\u00f3ln\u0105 uwag\u0119 na&nbsp;to, aby dane te&nbsp;by\u0142y chronione przed&nbsp;ich udost\u0119pnieniem osobom nieupowa\u017cnionym, zabraniem przez&nbsp;osob\u0119 nieuprawnion\u0105, przetwarzaniem z&nbsp;naruszeniem obowi\u0105zuj\u0105cych przepis\u00f3w prawa oraz&nbsp;ich zmian\u0105, utrat\u0105, uszkodzeniem lub zniszczeniem.<br>&nbsp;<\/p>\n\n\n\n<p class=\"has-foreground-color has-text-color has-link-color wp-elements-90751c0da5cb988a4a837db955bcaf7c\">2. <strong>Dane osobowe<\/strong><\/p>\n\n\n\n<p class=\"has-foreground-color has-text-color has-link-color wp-elements-1ac1e346150e97a6cb44e91e06c236ea\">1) Podczas korzystania ze&nbsp;strony internetowej pod&nbsp;adresem www.spacedevelopment.pl, Klient zostanie poproszony o&nbsp;podanie danych osobowych, niezb\u0119dnych do&nbsp;\u015bwiadczenia us\u0142ug przez&nbsp;Rawelin 8.&nbsp;<\/p>\n\n\n\n<p class=\"has-foreground-color has-text-color has-link-color wp-elements-9bee7320ce017656093a9a72e94e8656\">2) Podanie danych osobowych przez&nbsp;Klienta jest dobrowolne, jednak niepodanie danych oznaczonych jako niezb\u0119dne do&nbsp;\u015bwiadczenia us\u0142ug uniemo\u017cliwi ich \u015bwiadczenie.<\/p>\n\n\n\n<p class=\"has-foreground-color has-text-color has-link-color wp-elements-93c33749e332c012fe28ebf13f2e76cf\">3) Dane osobowe Klient\u00f3w b\u0119d\u0105cych osobami fizycznymi (w&nbsp;tym osobami fizycznymi prowadz\u0105cymi jednoosobow\u0105 dzia\u0142alno\u015b\u0107 gospodarcz\u0105) b\u0119d\u0105 przetwarzane przez&nbsp;Rawelin 8 jako administratora danych osobowych zgodnie z&nbsp;Rozporz\u0105dzeniem Parlamentu Europejskiego i&nbsp;Rady (UE) 2016\/679 z&nbsp;dnia 27 kwietnia 2016 &nbsp;r. w&nbsp;sprawie ochrony os\u00f3b fizycznych w&nbsp;zwi\u0105zku z&nbsp;przetwarzaniem danych osobowych i&nbsp;w&nbsp;sprawie swobodnego przep\u0142ywu takich danych oraz&nbsp;uchylenia dyrektywy 95\/46\/WE (og\u00f3lne rozporz\u0105dzenie o&nbsp;ochronie danych, dalej \u201cRODO\u201d).<\/p>\n\n\n\n<p class=\"has-foreground-color has-text-color has-link-color wp-elements-92d44cadf406bc5e933a72a683b74088\">4) Klient ma&nbsp;prawo wniesienia skargi do&nbsp;Prezesa Urz\u0119du Ochrony Danych Osobowych w&nbsp;razie uznania, \u017ce&nbsp;przetwarzanie danych przez&nbsp;Rawelin 8 narusza przepisy RODO.<\/p>\n\n\n\n<p class=\"has-foreground-color has-text-color has-link-color wp-elements-c2d016e7d143de25bb52b2b94de910c2\">5) Dane osobowe Klient\u00f3w s\u0105&nbsp;przetwarzane w&nbsp;celu:<\/p>\n\n\n\n<p class=\"has-foreground-color has-text-color has-link-color wp-elements-decf86fe10ebd046fcc6936b1f5da51c\">a) rozwoju baz danych oferowanych przez&nbsp;Rawelin 8&nbsp; podmiotom powi\u0105zanym, w&nbsp;szczeg\u00f3lno\u015bci w&nbsp;zakresie danych o&nbsp;osobach zainteresowanych najmem nieruchomo\u015bci, zakupem nieruchomo\u015bci lub sprzeda\u017c\u0105 nieruchomo\u015bci,&nbsp;<\/p>\n\n\n\n<p class=\"has-foreground-color has-text-color has-link-color wp-elements-cc0ff554a102c97a79bfccfb6d00fde5\">b) zawarcia umowy, realizacji zobowi\u0105za\u0144 wynikaj\u0105cych z&nbsp;zawartej umowy lub realizacji obowi\u0105zk\u00f3w na\u0142o\u017conych na&nbsp;Rawelin 8 przepisami prawa powszechnie obowi\u0105zuj\u0105cego&nbsp;np.&nbsp;dane zawarte w&nbsp;dokumentach sprzeda\u017cowych (np.&nbsp;fakturze VAT) s\u0105&nbsp;przez&nbsp;Rawelin 8 przetwarzane ze&nbsp;wzgl\u0119du na&nbsp;to, i\u017c&nbsp;przepis prawa nakazuje dokumentowanie w&nbsp;okre\u015blony spos\u00f3b sprzeda\u017cy, wskazuje zakres danych, kt\u00f3ry&nbsp;na&nbsp;tego typu dokumencie musi si\u0119 znajdowa\u0107 oraz&nbsp;precyzuje czas, przez&nbsp;jaki te&nbsp;dane jeste\u015bmy zobligowani do&nbsp;przechowywania,<\/p>\n\n\n\n<p class=\"has-foreground-color has-text-color has-link-color wp-elements-89c01d97f04ffd1b959db6b661ca673b\">c) ustalenia, dochodzenia lub obrony przed&nbsp;roszczeniami \u2013 przetwarzanie jest niezb\u0119dne do&nbsp;cel\u00f3w wynikaj\u0105cych z&nbsp;prawnie uzasadnionych interes\u00f3w realizowanych przez&nbsp;Administratora \u2013 tj.&nbsp;ochrony naszych praw.<\/p>\n\n\n\n<p class=\"has-foreground-color has-text-color has-link-color wp-elements-623331377bae97ca458e0f6e9bab35af\">6) Dane osobowe b\u0119d\u0105 przetwarzane przez&nbsp;okres niezb\u0119dny do&nbsp;zawarcia i&nbsp;wykonania umowy. W&nbsp;przypadku zawarcia umowy dane osobowe przetwarzamy do&nbsp;ko\u0144ca okresu przedawnienia potencjalnych roszcze\u0144 wynikaj\u0105cych z&nbsp;umowy. Dane osobowe, kt\u00f3re Rawelin 8 &nbsp;przetwarza w&nbsp;celach marketingowych oraz&nbsp;badania satysfakcji przetwarzane s\u0105&nbsp;do&nbsp;czasu wycofania zgody na&nbsp;przetwarzanie.<\/p>\n\n\n\n<p class=\"has-foreground-color has-text-color has-link-color wp-elements-d4ac9c4c0c495eb12588c7a606426f9b\">7) Dane osobowe Klient\u00f3w mog\u0105 by\u0107 udost\u0119pniane podmiotom uprawnionym do&nbsp;ich otrzymania na&nbsp;mocy obowi\u0105zuj\u0105cych przepis\u00f3w prawa. Dane osobowe Klient\u00f3w mog\u0105 by\u0107 tak\u017ce przekazywane lub ujawniane \u2013 w&nbsp;niezb\u0119dnym i&nbsp;wymaganym zakresie \u2013 podmiotom trzecim, w&nbsp;tym podmiotom wykonuj\u0105cym na&nbsp;zlecenie Rawelin 8 czynno\u015bci zwi\u0105zane z&nbsp;zawart\u0105 z&nbsp;Klientem Umow\u0105, m. in. Podwykonawcom.<\/p>\n\n\n\n<p class=\"has-foreground-color has-text-color has-link-color wp-elements-4a18f33adf517fd748dc79b7706d1de3\">8) Dane osobowe mog\u0105 by\u0107 te\u017c udost\u0119pniane innym podmiotom powi\u0105zanym z&nbsp;Rawelin 8 w&nbsp;celu zawarcia umowy z&nbsp;osob\u0105, kt\u00f3rej&nbsp;dane dotycz\u0105.<\/p>\n\n\n\n<p class=\"has-foreground-color has-text-color has-link-color wp-elements-6a2b02c2a74ec70de811a738bfd9edf1\">9)&nbsp;W&nbsp;sytuacjach i&nbsp;na&nbsp;zasadach szczeg\u00f3\u0142owo okre\u015blonych w&nbsp;art. 15-22 RODO, Rawelin 8 zapewnia Klientom, kt\u00f3rych&nbsp;dane osobowe przetwarza, realizacj\u0119 uprawnie\u0144 wynikaj\u0105cych z&nbsp;RODO:<\/p>\n\n\n\n<ul class=\"wp-block-list\">\n<li>prawa do <strong>uzyskania informacji<\/strong>&nbsp;o&nbsp;przetwarzaniu danych osobowych przez&nbsp;Rawelin 8,<\/li>\n<\/ul>\n\n\n\n<ul class=\"wp-block-list\">\n<li>prawa&nbsp;<strong>dost\u0119pu<\/strong>&nbsp;do&nbsp;tre\u015bci w\u0142asnych danych osobowych (ich kopii) oraz&nbsp;ich&nbsp;<strong>poprawiania<\/strong>,<\/li>\n<\/ul>\n\n\n\n<ul class=\"wp-block-list\">\n<li>prawo \u017c\u0105dania&nbsp;<strong>usuni\u0119cia<\/strong>&nbsp;danych osobowych ze&nbsp;zbior\u00f3w Rawelin 8, je\u017celi:<\/li>\n<\/ul>\n\n\n\n<ul class=\"wp-block-list\">\n<li>dane osobowe Klienta nie&nbsp;s\u0105&nbsp;ju\u017c niezb\u0119dne do&nbsp;cel\u00f3w, w&nbsp;kt\u00f3rych&nbsp;zosta\u0142y zebrane lub w&nbsp;kt\u00f3rych&nbsp;s\u0105&nbsp;przetwarzane,<\/li>\n<\/ul>\n\n\n\n<ul class=\"wp-block-list\">\n<li>Klient wycofa\u0142 zgod\u0119, na&nbsp;kt\u00f3rej&nbsp;opiera\u0142o si\u0119 przetwarzanie, i&nbsp;nie&nbsp;ma&nbsp;innej podstawy prawnej przetwarzania,<\/li>\n<\/ul>\n\n\n\n<ul class=\"wp-block-list\">\n<li>Klient wnosi sprzeciw wobec przetwarzania i&nbsp;nie&nbsp;ma&nbsp;innych uzasadnionych podstaw przetwarzania przez&nbsp;Rawelin 8, lub wnosi sprzeciw wobec przetwarzania w&nbsp;celach marketingowych,<\/li>\n<\/ul>\n\n\n\n<ul class=\"wp-block-list\">\n<li>dane osobowe by\u0142y przetwarzane niezgodnie z&nbsp;prawem,<\/li>\n<\/ul>\n\n\n\n<ul class=\"wp-block-list\">\n<li>dane osobowe musz\u0105 zosta\u0107 usuni\u0119te w&nbsp;celu wywi\u0105zania si\u0119 z&nbsp;obowi\u0105zku prawnego przewidzianego w&nbsp;prawie Unii Europejskiej lub prawie polskim.<\/li>\n<\/ul>\n\n\n\n<p class=\"has-foreground-color has-text-color has-link-color wp-elements-043dd4bfd5e7ecd48a16beeb7448e611\">Jednak\u017ce prawo Klienta do&nbsp;\u017c\u0105dania usuni\u0119cia danych osobowych&nbsp;<strong>nie&nbsp;b\u0119dzie mog\u0142o by\u0107 zrealizowane<\/strong>&nbsp;w&nbsp;zakresie, w&nbsp;jakim Rawelin 8 musi nadal przetwarza\u0107 te&nbsp;dane, aby wywi\u0105za\u0107 si\u0119 z&nbsp;obowi\u0105zku prawnego, lub je\u017celi dalsze przetwarzanie jest konieczne do&nbsp;ustalenia, dochodzenia lub obrony roszcze\u0144 Rawelin 8.<\/p>\n\n\n\n<ul class=\"wp-block-list\">\n<li>prawo do&nbsp;<strong>ograniczenia przetwarzania<\/strong>&nbsp;\u2013 wstrzymania przetwarzania do&nbsp;czasu wyja\u015bnienia zg\u0142oszonych Rawelin 8 zarzut\u00f3w Klienta; w&nbsp;razie ograniczenia przetwarzania Rawelin 8 mo\u017ce przetwarza\u0107 dane osobowe wy\u0142\u0105cznie za&nbsp;zgod\u0105 Klienta (co&nbsp;nie&nbsp;dotyczy mo\u017cliwo\u015bci ich przechowywania lub przetwarzania w&nbsp;celu ustalenia, dochodzenia lub obrony roszcze\u0144 Rawelin 8),<\/li>\n<\/ul>\n\n\n\n<ul class=\"wp-block-list\">\n<li>prawa do&nbsp;<strong>wniesienia sprzeciwu<\/strong>&nbsp;wobec przetwarzania w&nbsp;celach marketingowych; w&nbsp;razie wniesienia sprzeciwu Rawelin 8 nie&nbsp;b\u0119dzie ju\u017c mog\u0142o przetwarza\u0107 danych Klienta do&nbsp;takich cel\u00f3w.<\/li>\n<\/ul>\n\n\n\n<p class=\"has-foreground-color has-text-color has-link-color wp-elements-0cbcc97666d3e2a7d3448aaccd520c14\">Klient mo\u017ce skorzysta\u0107 z&nbsp;ww. uprawnie\u0144 poprzez:<\/p>\n\n\n\n<ul class=\"wp-block-list\">\n<li>przes\u0142anie wniosku na&nbsp;adres e-mail: biuro@rawelin.pl<\/li>\n<\/ul>\n\n\n\n<p class=\"has-foreground-color has-text-color has-link-color wp-elements-f937bdfff0896b0373f4f70b7e90d0ab\">Je\u017celi Rawelin 8 powe\u017amie uzasadnione w\u0105tpliwo\u015bci co&nbsp;do&nbsp;to\u017csamo\u015bci Klienta sk\u0142adaj\u0105cego \u017c\u0105danie, mo\u017ce za\u017c\u0105da\u0107 dodatkowych informacji niezb\u0119dnych do&nbsp;potwierdzenia to\u017csamo\u015bci Klienta.<\/p>\n\n\n\n<p class=\"has-foreground-color has-text-color has-link-color wp-elements-3f48234305a0fa88d37001c61e0b5c88\">Je\u017celi podstaw\u0105 przetwarzania jest zgoda Klienta, Klient posiada prawo do&nbsp;cofni\u0119cia zgody w&nbsp;dowolnym momencie bez&nbsp;wp\u0142ywu na&nbsp;zgodno\u015b\u0107 z&nbsp;prawem przetwarzania, kt\u00f3rego&nbsp;dokonano na&nbsp;podstawie zgody przed&nbsp;jej cofni\u0119ciem. Wycofanie zgody na&nbsp;przetwarzanie danych osobowych mo\u017cna:<\/p>\n\n\n\n<ul class=\"wp-block-list\">\n<li>przes\u0142a\u0107 e-mailem na&nbsp;adres: biuro@rawelin.pl<\/li>\n<\/ul>\n\n\n\n<ul class=\"wp-block-list\">\n<li>przes\u0142a\u0107 poczt\u0105 tradycyjn\u0105 na&nbsp;adres: Rawelin 8 Sp. z o.o. Warszawa (02-595) ul.&nbsp;Pu\u0142awska 99<\/li>\n<\/ul>\n\n\n\n<p class=\"has-foreground-color has-text-color has-link-color wp-elements-9542b824f72323601ff3440ff8f4b1de\">Konsekwencj\u0105 wycofania zgody b\u0119dzie zaprzestanie \u015bwiadczenia us\u0142ug przez&nbsp;Rawelin 8 w&nbsp;zakresie obj\u0119tym wycofywan\u0105 zgod\u0105.<\/p>\n\n\n\n<p class=\"has-foreground-color has-text-color has-link-color wp-elements-63298de86e5c09874c06c5b6fc57fef8\">a) W ramach realizacji prawa do&nbsp;kontroli przetwarzania w\u0142asnych danych osobowych, Klient ma&nbsp;w&nbsp;szczeg\u00f3lno\u015bci prawo do&nbsp;wniesienia pisemnego, umotywowanego \u017c\u0105dania zaprzestania przetwarzania jego danych ze&nbsp;wzgl\u0119du na&nbsp;jego szczeg\u00f3ln\u0105 sytuacj\u0119, a&nbsp;tak\u017ce wniesienia sprzeciwu wobec przetwarzania jego danych, gdy&nbsp;Rawelin 8 przetwarza je&nbsp;dla wype\u0142nienia prawnie usprawiedliwionych cel\u00f3w realizowanych przez&nbsp;Rawelin 8, lub gdy Rawelin 8 zamierza je&nbsp;przetwarza\u0107 w&nbsp;celach marketingowych, lub wobec przekazywania przez Rawelin 8 danych osobowych Klienta innemu ni\u017c Rawelin 8 administratorowi danych.<\/p>\n\n\n\n<p class=\"has-foreground-color has-text-color has-link-color wp-elements-c0f3c61c21964cbf9f87d45fad5af911\">b) Poufne informacje dotycz\u0105ce Klient\u00f3w, w&nbsp;tym dane osobowe Klient\u00f3w s\u0105&nbsp;chronione przez&nbsp;Rawelin 8 przed&nbsp;ich udost\u0119pnieniem osobom nieupowa\u017cnionym, a&nbsp;tak\u017ce innymi przypadkami ich ujawnienia albo&nbsp;utraty oraz&nbsp;przed&nbsp;zniszczeniem lub nieuprawnion\u0105 modyfikacj\u0105 wskazanych danych oraz&nbsp;informacji poprzez stosowanie odpowiednich zabezpiecze\u0144 technicznych i&nbsp;organizacyjnych.<\/p>\n\n\n\n<p class=\"has-foreground-color has-text-color has-link-color wp-elements-881870c22fe1de98405c8b01ef16b371\">4. <strong>Modyfikacja zakresu Polityki Prywatno\u015bci<\/strong><\/p>\n\n\n\n<p class=\"has-foreground-color has-text-color has-link-color wp-elements-70e0745b5289b6c694cacdde097c9990\">1) Rawelin 8 zastrzega sobie prawo do&nbsp;dokonywania zmian w&nbsp;niniejszej Polityce Prywatno\u015bci, o&nbsp;charakterze uznaniowym oraz&nbsp;okresowym.<\/p>\n\n\n\n<p class=\"has-foreground-color has-text-color has-link-color wp-elements-1101d20bb4fc76d4d00024ecb54f819b\">2) Dokonywane zmiany b\u0119d\u0105 uwzgl\u0119dnia\u0142y wszelkie obowi\u0105zuj\u0105ce powszechnie przepisy prawa z&nbsp;zakresu ochrony danych osobowych i&nbsp;nie&nbsp;b\u0119d\u0105 narusza\u0142y praw os\u00f3b, kt\u00f3rych&nbsp;dane dotycz\u0105.<\/p>\n\n\n\n<p class=\"has-foreground-color has-text-color has-link-color wp-elements-4add991ce47ca499b384784512c0b9b9\">3) Wszelkie zmiany w&nbsp;niniejszej Polityce Prywatno\u015bci b\u0119d\u0105 publikowane na&nbsp;stronie www.rawelin.pl i&nbsp;b\u0119d\u0105 mia\u0142y zastosowanie wobec wszystkich Klient\u00f3w od&nbsp;momentu ich publikacji.<\/p>\n<\/div>\n","protected":false},"excerpt":{"rendered":"<p>Data wej\u015bcia w \u017cycie: 03.06.2024 1. Postanowienia og\u00f3lne 1) Niniejsza polityka prywatno\u015bci okre\u015bla zasady ochrony danych osobowych przez\u00a0administratora tych danych, kt\u00f3rym\u00a0jest Rawelin 8 Sp\u00f3\u0142ka z ograniczon\u0105 odpowiedzialno\u015bci\u0105 z\u00a0siedzib\u0105 w Warszawie (02-595) przy ul.\u00a0Pu\u0142awskiej 99, wpisana do\u00a0rejestru przedsi\u0119biorc\u00f3w Krajowego Rejestru S\u0105dowego prowadzonego przez\u00a0S\u0105d Rejonowy dla m.st. Warszawy w Warszawie, XIII Wydzia\u0142 Gospodarczy Krajowego Rejestru S\u0105dowego pod\u00a0nr\u00a0KRS: [&hellip;]<\/p>\n","protected":false},"author":1,"featured_media":0,"parent":0,"menu_order":0,"comment_status":"closed","ping_status":"closed","template":"","meta":{"footnotes":""},"class_list":["post-97","page","type-page","status-publish","hentry"],"_links":{"self":[{"href":"https:\/\/rawelin.pl\/index.php\/wp-json\/wp\/v2\/pages\/97"}],"collection":[{"href":"https:\/\/rawelin.pl\/index.php\/wp-json\/wp\/v2\/pages"}],"about":[{"href":"https:\/\/rawelin.pl\/index.php\/wp-json\/wp\/v2\/types\/page"}],"author":[{"embeddable":true,"href":"https:\/\/rawelin.pl\/index.php\/wp-json\/wp\/v2\/users\/1"}],"replies":[{"embeddable":true,"href":"https:\/\/rawelin.pl\/index.php\/wp-json\/wp\/v2\/comments?post=97"}],"version-history":[{"count":8,"href":"https:\/\/rawelin.pl\/index.php\/wp-json\/wp\/v2\/pages\/97\/revisions"}],"predecessor-version":[{"id":432,"href":"https:\/\/rawelin.pl\/index.php\/wp-json\/wp\/v2\/pages\/97\/revisions\/432"}],"wp:attachment":[{"href":"https:\/\/rawelin.pl\/index.php\/wp-json\/wp\/v2\/media?parent=97"}],"curies":[{"name":"wp","href":"https:\/\/api.w.org\/{rel}","templated":true}]}}